{"id":15712,"date":"2020-06-15T15:18:56","date_gmt":"2020-06-15T13:18:56","guid":{"rendered":"https:\/\/www.luque-machines.com\/adatvedelmi-iranyelvek\/"},"modified":"2026-09-02T23:19:23","modified_gmt":"2026-09-02T21:19:23","slug":"adatvedelmi-iranyelvek","status":"publish","type":"page","link":"https:\/\/www.luque-machines.com\/hu\/adatvedelmi-iranyelvek\/","title":{"rendered":"Adatv\u00e9delmi ir\u00e1nyelvek"},"content":{"rendered":"\n<h3 class=\"wp-block-heading\" id=\"introduction\">Bevezet\u00e9s<\/h3>\n\n<p class=\"wp-block-paragraph\">Tev\u00e9kenys\u00e9ge sor\u00e1n a LUQUE Machines v\u00e1llalat, melynek sz\u00e9khelye a 340 chemin du suc, 69850 Saint-Martin-en-Haut, Franciaorsz\u00e1g, olyan inform\u00e1ci\u00f3kat gy\u0171jt \u00e9s kezel, amelyek k\u00f6z\u00fcl n\u00e9h\u00e1ny \u201eszem\u00e9lyes adatnak\u201d min\u0151s\u00fcl. A LUQUE Machines nagy jelent\u0151s\u00e9get tulajdon\u00edt a mag\u00e1n\u00e9let tiszteletben tart\u00e1s\u00e1nak, \u00e9s az adatokat kiz\u00e1r\u00f3lag felel\u0151ss\u00e9gteljesen, bizalmasan \u00e9s meghat\u00e1rozott c\u00e9lra haszn\u00e1lja fel. <\/p>\n\n<p class=\"wp-block-paragraph\">Weboldalunk c\u00edme: <a href=\"http:\/\/www.luque-machines.com\/hu\/\">http:\/\/www.luque-machines.com<\/a>.<\/p>\n\n<h3 class=\"wp-block-heading\" id=\"donn-es-personnelles\">Szem\u00e9lyes adatok<\/h3>\n\n<p class=\"wp-block-paragraph\">A <a href=\"http:\/\/www.luque-machines.com\/hu\/\">www.luque-machines.com<\/a> weboldalon 2 t\u00edpus\u00fa adat gy\u0171jthet\u0151:<\/p>\n\n<ul class=\"wp-block-list\"><li><strong>K\u00f6zvetlen\u00fcl tov\u00e1bb\u00edtott adatok<\/strong><br\/>Ezek azok az adatok, amelyeket \u00d6n k\u00f6zvetlen\u00fcl ad meg nek\u00fcnk egy \u0171rlapon (kapcsolatfelv\u00e9teli, \u00e1raj\u00e1nlatk\u00e9r\u0151 vagy egy\u00e9b inform\u00e1ci\u00f3s \u0171rlap) vagy k\u00f6zvetlen e-mailen kereszt\u00fcl. A kapcsolatfelv\u00e9teli \u0171rlapon a k\u00f6vetkez\u0151 mez\u0151k kit\u00f6lt\u00e9se k\u00f6telez\u0151: kapcsolattart\u00f3 neve, c\u00e9g neve, telefonsz\u00e1m, sz\u00e1ll\u00edt\u00e1si c\u00edm, sz\u00e1ml\u00e1z\u00e1si c\u00edm, e-mail \u00e9s minden egy\u00e9b technikai inform\u00e1ci\u00f3, amely sz\u00fcks\u00e9ges az ig\u00e9nyeinek megfelel\u0151 megold\u00e1sok felk\u00edn\u00e1l\u00e1s\u00e1hoz. <\/li><li><strong>Automatikusan gy\u0171jt\u00f6tt adatok<\/strong><br\/>L\u00e1togat\u00e1sai sor\u00e1n, az \u00d6n hozz\u00e1j\u00e1rul\u00e1s\u00e1t k\u00f6vet\u0151en, \u201ewebanalitikai\u201d t\u00edpus\u00fa inform\u00e1ci\u00f3kat gy\u0171jthet\u00fcnk a b\u00f6ng\u00e9sz\u00e9s\u00e9r\u0151l, a l\u00e1togat\u00e1s id\u0151tartam\u00e1r\u00f3l, IP-c\u00edm\u00e9r\u0151l, b\u00f6ng\u00e9sz\u0151j\u00e9nek t\u00edpus\u00e1r\u00f3l \u00e9s verzi\u00f3j\u00e1r\u00f3l. Az alkalmazott technol\u00f3gia a cookie. <\/li><\/ul>\n\n<h2 class=\"wp-block-heading\">A gy\u0171jt\u00f6tt szem\u00e9lyes adatok felhaszn\u00e1l\u00e1sa<\/h2>\n\n<h3 class=\"wp-block-heading\">Hozz\u00e1sz\u00f3l\u00e1sok<\/h3>\n\n<p class=\"wp-block-paragraph\">Amikor hozz\u00e1sz\u00f3l\u00e1st hagy weboldalunkon, a hozz\u00e1sz\u00f3l\u00e1si \u0171rlapon megadott adatok, valamint az \u00d6n IP-c\u00edme \u00e9s b\u00f6ng\u00e9sz\u0151j\u00e9nek felhaszn\u00e1l\u00f3i \u00fcgyn\u00f6ke is gy\u0171jt\u00e9sre ker\u00fcl, hogy seg\u00edtsen nek\u00fcnk a nem k\u00edv\u00e1nt hozz\u00e1sz\u00f3l\u00e1sok \u00e9szlel\u00e9s\u00e9ben.<\/p>\n\n<p class=\"wp-block-paragraph\">Az e-mail c\u00edm\u00e9b\u0151l l\u00e9trehozott anonimiz\u00e1lt karakterl\u00e1nc (m\u00e1s n\u00e9ven hash) elk\u00fcldhet\u0151 a Gravatar szolg\u00e1ltat\u00e1snak, hogy ellen\u0151rizze, haszn\u00e1lja-e azt. A Gravatar szolg\u00e1ltat\u00e1s adatv\u00e9delmi felt\u00e9telei itt \u00e9rhet\u0151k el: https:\/\/automattic.com\/privacy\/. Hozz\u00e1sz\u00f3l\u00e1sa j\u00f3v\u00e1hagy\u00e1sa ut\u00e1n profilk\u00e9pe nyilv\u00e1nosan l\u00e1that\u00f3 lesz a hozz\u00e1sz\u00f3l\u00e1sa mellett. <\/p>\n\n<h3 class=\"wp-block-heading\">M\u00e9dia<\/h3>\n\n<p class=\"wp-block-paragraph\">Ha \u00d6n regisztr\u00e1lt felhaszn\u00e1l\u00f3, \u00e9s k\u00e9peket t\u00f6lt fel a weboldalra, javasoljuk, hogy ker\u00fclje a GPS koordin\u00e1t\u00e1kat tartalmaz\u00f3 EXIF adatokkal rendelkez\u0151 k\u00e9pek felt\u00f6lt\u00e9s\u00e9t. Weboldal\u00e1nak l\u00e1togat\u00f3i let\u00f6lthetik \u00e9s kinyerhetik a helyadatokat ezekb\u0151l a k\u00e9pekb\u0151l. <\/p>\n\n<h3 class=\"wp-block-heading\">Kapcsolatfelv\u00e9teli \u0171rlapok<\/h3>\n\n<h3 class=\"wp-block-heading\">Cookie-k<\/h3>\n\n<p class=\"wp-block-paragraph\">Ha hozz\u00e1sz\u00f3l\u00e1st \u00edr oldalunkra, felaj\u00e1nljuk, hogy nev\u00e9t, e-mail c\u00edm\u00e9t \u00e9s weboldal\u00e1t cookie-kban mentse el. Ez kiz\u00e1r\u00f3lag az \u00d6n k\u00e9nyelm\u00e9t szolg\u00e1lja, hogy ne kelljen \u00fajra megadnia ezeket az inform\u00e1ci\u00f3kat, ha k\u00e9s\u0151bb \u00fajabb hozz\u00e1sz\u00f3l\u00e1st \u00edr. Ezek a cookie-k egy \u00e9v m\u00falva lej\u00e1rnak.  <\/p>\n\n<p class=\"wp-block-paragraph\">Ha rendelkezik fi\u00f3kkal, \u00e9s bejelentkezik erre az oldalra, egy ideiglenes cookie j\u00f6n l\u00e9tre annak meg\u00e1llap\u00edt\u00e1s\u00e1ra, hogy b\u00f6ng\u00e9sz\u0151je elfogadja-e a cookie-kat. Ez nem tartalmaz szem\u00e9lyes adatokat, \u00e9s a b\u00f6ng\u00e9sz\u0151 bez\u00e1r\u00e1sakor automatikusan t\u00f6rl\u0151dik. <\/p>\n\n<p class=\"wp-block-paragraph\">Amikor bejelentkezik, sz\u00e1mos cookie-t \u00e1ll\u00edtunk be a bejelentkez\u00e9si adatai \u00e9s a k\u00e9perny\u0151be\u00e1ll\u00edt\u00e1sai ment\u00e9s\u00e9hez. Egy bejelentkez\u00e9si cookie \u00e9lettartama k\u00e9t nap, egy k\u00e9perny\u0151be\u00e1ll\u00edt\u00e1si cookie-\u00e9 egy \u00e9v. Ha bejel\u00f6li a \u201eEml\u00e9kezzen r\u00e1m\u201d opci\u00f3t, a bejelentkez\u00e9si cookie-ja k\u00e9t h\u00e9tig megmarad. Ha kijelentkezik fi\u00f3kj\u00e1b\u00f3l, a bejelentkez\u00e9si cookie t\u00f6rl\u0151dik.   <\/p>\n\n<p class=\"wp-block-paragraph\">Bejegyz\u00e9s m\u00f3dos\u00edt\u00e1sakor vagy k\u00f6zz\u00e9t\u00e9telekor egy tov\u00e1bbi cookie ker\u00fcl ment\u00e9sre a b\u00f6ng\u00e9sz\u0151j\u00e9ben. Ez a cookie nem tartalmaz szem\u00e9lyes adatokat. Egyszer\u0171en a m\u00f3dos\u00edtott bejegyz\u00e9s azonos\u00edt\u00f3j\u00e1t jelzi. Egy nap m\u00falva lej\u00e1r.   <\/p>\n\n<h3 class=\"wp-block-heading\">M\u00e1s webhelyekr\u0151l be\u00e1gyazott tartalom<\/h3>\n\n<p class=\"wp-block-paragraph\">Az ezen az oldalon tal\u00e1lhat\u00f3 cikkek be\u00e1gyazott tartalmat (p\u00e9ld\u00e1ul vide\u00f3kat, k\u00e9peket, cikkeket\u2026) tartalmazhatnak. A m\u00e1s webhelyekr\u0151l be\u00e1gyazott tartalom ugyan\u00fagy viselkedik, mintha a l\u00e1togat\u00f3 az adott m\u00e1sik webhelyre l\u00e1togatna el. <\/p>\n\n<p class=\"wp-block-paragraph\">Ezek a webhelyek adatokat gy\u0171jthetnek \u00d6nr\u0151l, cookie-kat haszn\u00e1lhatnak, harmadik f\u00e9lt\u0151l sz\u00e1rmaz\u00f3 nyomk\u00f6vet\u0151 eszk\u00f6z\u00f6ket \u00e1gyazhatnak be, \u00e9s nyomon k\u00f6vethetik az \u00d6n interakci\u00f3it ezekkel a be\u00e1gyazott tartalmakkal, ha rendelkezik bejelentkezett fi\u00f3kkal az adott webhelyen.<\/p>\n\n<h3 class=\"wp-block-heading\">Statisztik\u00e1k \u00e9s k\u00f6z\u00f6ns\u00e9gm\u00e9r\u00e9s<\/h3>\n\n<p class=\"wp-block-paragraph\">Az al\u00e1bbiakban felsoroljuk a haszn\u00e1lt cookie-kat \u00e9s c\u00e9ljukat:<\/p>\n\n<ul class=\"wp-block-list\"><li>Google Analytics cookie-k (<a href=\"https:\/\/developers.google.com\/analytics\/devguides\/collection\/analyticsjs\/cookie-usage\">teljes lista<\/a>): Webanalitika<\/li><li>Cookie-k elutas\u00edt\u00e1sa: Lehet\u0151v\u00e9 teszi, hogy megjegyezze, elfogadja a cookie-kat, \u00edgy a k\u00f6vetkez\u0151 l\u00e1togat\u00e1sakor m\u00e1r nem fogja zavarni \u00d6nt.<\/li><\/ul>\n\n<h2 class=\"wp-block-heading\">Szem\u00e9lyes adatainak felhaszn\u00e1l\u00e1sa \u00e9s tov\u00e1bb\u00edt\u00e1sa<\/h2>\n\n<h3 class=\"wp-block-heading\" id=\"utilisation-des-donn-es\">Adatfelhaszn\u00e1l\u00e1s<\/h3>\n\n<p class=\"wp-block-paragraph\">Az \u00d6n \u00e1ltal k\u00f6zvetlen\u00fcl megadott adatokat az \u00d6nnel val\u00f3 kapcsolatfelv\u00e9tel \u00e9s\/vagy az \u00d6n k\u00e9r\u00e9s\u00e9nek teljes\u00edt\u00e9se c\u00e9lj\u00e1b\u00f3l haszn\u00e1ljuk fel. A \u201ewebanalitikai\u201d adatokat anonim form\u00e1ban (anonim IP-c\u00edmek r\u00f6gz\u00edt\u00e9s\u00e9vel) gy\u0171jti a Google Analytics, \u00e9s lehet\u0151v\u00e9 teszi sz\u00e1munkra, hogy m\u00e9rj\u00fck weboldalunk l\u00e1togatotts\u00e1g\u00e1t, a megtekint\u00e9seket \u00e9s az esetleges hib\u00e1kat a felhaszn\u00e1l\u00f3i \u00e9lm\u00e9ny folyamatos jav\u00edt\u00e1sa \u00e9rdek\u00e9ben. Ezeket az adatokat a LUQUE Machines, az adatkezel\u0151 haszn\u00e1lja fel, \u00e9s soha nem adjuk \u00e1t harmadik f\u00e9lnek, sem nem haszn\u00e1ljuk fel a fent r\u00e9szletezettekt\u0151l elt\u00e9r\u0151 c\u00e9lokra.  <\/p>\n\n<h3 class=\"wp-block-heading\" id=\"base-l-gale\">Jogi alap<\/h3>\n\n<p class=\"wp-block-paragraph\">Szem\u00e9lyes adatok gy\u0171jt\u00e9s\u00e9re csak a felhaszn\u00e1l\u00f3 k\u00f6telez\u0151 hozz\u00e1j\u00e1rul\u00e1sa ut\u00e1n ker\u00fcl sor. Ez a hozz\u00e1j\u00e1rul\u00e1s \u00e9rv\u00e9nyesen (gombok \u00e9s jel\u00f6l\u0151n\u00e9gyzetek), szabadon, egy\u00e9rtelm\u0171en \u00e9s f\u00e9lre\u00e9rthetetlen\u00fcl ker\u00fcl beszerz\u00e9sre. <\/p>\n\n<h2 class=\"wp-block-heading\">Adatainak t\u00e1rol\u00e1si id\u0151tartama<\/h2>\n\n<p class=\"wp-block-paragraph\">Ha hozz\u00e1sz\u00f3l\u00e1st hagy, a hozz\u00e1sz\u00f3l\u00e1s \u00e9s metaadatai korl\u00e1tlan ideig meg\u0151rz\u00e9sre ker\u00fclnek. Ez lehet\u0151v\u00e9 teszi a k\u00f6vetkez\u0151 hozz\u00e1sz\u00f3l\u00e1sok automatikus felismer\u00e9s\u00e9t \u00e9s j\u00f3v\u00e1hagy\u00e1s\u00e1t ahelyett, hogy a moder\u00e1l\u00e1si sorban maradn\u00e1nak. <\/p>\n\n<p class=\"wp-block-paragraph\">Azoknak a felhaszn\u00e1l\u00f3knak, akik regisztr\u00e1lnak oldalunkon (ha ez lehets\u00e9ges), a profiljukban megadott szem\u00e9lyes adataikat is t\u00e1roljuk. Minden felhaszn\u00e1l\u00f3 b\u00e1rmikor megtekintheti, m\u00f3dos\u00edthatja vagy t\u00f6r\u00f6lheti szem\u00e9lyes adatait (felhaszn\u00e1l\u00f3nev\u00fck kiv\u00e9tel\u00e9vel). Az oldal adminisztr\u00e1torai is megtekinthetik \u00e9s m\u00f3dos\u00edthatj\u00e1k ezeket az inform\u00e1ci\u00f3kat.  <\/p>\n\n<p class=\"wp-block-paragraph\">Az adatok maxim\u00e1lisan 3 \u00e9vig ker\u00fclnek t\u00e1rol\u00e1sra.<\/p>\n\n<h3 class=\"wp-block-heading\" id=\"vos-droits-concernant-les-donn-es-personnelles\">Az \u00d6n jogai a szem\u00e9lyes adatokkal kapcsolatban<\/h3>\n\n<p class=\"wp-block-paragraph\">\u00d6nnek\n joga van az \u00f6sszes szem\u00e9lyes adat\u00e1nak megtekint\u00e9s\u00e9hez, m\u00f3dos\u00edt\u00e1s\u00e1nak vagy t\u00f6rl\u00e9s\u00e9nek k\u00e9r\u00e9s\u00e9hez\n. \u00d6n szint\u00e9n\n visszavonhatja hozz\u00e1j\u00e1rul\u00e1s\u00e1t adatainak kezel\u00e9s\u00e9hez. <\/p>\n\n<p class=\"wp-block-paragraph\">Ha rendelkezik fi\u00f3kkal, vagy hozz\u00e1sz\u00f3l\u00e1sokat hagyott az oldalon, k\u00e9rheti, hogy kapjon egy f\u00e1jlt, amely tartalmazza az \u00f6sszes szem\u00e9lyes adat\u00e1t, amelyet \u00d6nr\u0151l t\u00e1rolunk, bele\u00e9rtve az \u00d6n \u00e1ltal megadott adatokat is. K\u00e9rheti az \u00d6nre vonatkoz\u00f3 szem\u00e9lyes adatok t\u00f6rl\u00e9s\u00e9t is. Ez nem vonatkozik az adminisztrat\u00edv, jogi vagy biztons\u00e1gi okokb\u00f3l t\u00e1rolt adatokra.  <\/p>\n\n<h3 class=\"wp-block-heading\" id=\"contact-d-l-gu-la-protection-des-donn-es\">Adatv\u00e9delmi tisztvisel\u0151vel val\u00f3 kapcsolatfelv\u00e9tel<\/h3>\n\n<p class=\"wp-block-paragraph\">Felveheti vel\u00fcnk a kapcsolatot telefonon a +33 (0)4 28 29 96 92 sz\u00e1mon<\/p>\n","protected":false},"excerpt":{"rendered":"<p>Bevezet\u00e9s Tev\u00e9kenys\u00e9ge sor\u00e1n a LUQUE Machines v\u00e1llalat, melynek sz\u00e9khelye a 340 chemin du suc, 69850 Saint-Martin-en-Haut, Franciaorsz\u00e1g, olyan inform\u00e1ci\u00f3kat gy\u0171jt \u00e9s kezel, amelyek k\u00f6z\u00fcl n\u00e9h\u00e1ny \u201eszem\u00e9lyes adatnak\u201d min\u0151s\u00fcl. A LUQUE Machines nagy jelent\u0151s\u00e9get tulajdon\u00edt a mag\u00e1n\u00e9let tiszteletben tart\u00e1s\u00e1nak, \u00e9s az adatokat kiz\u00e1r\u00f3lag felel\u0151ss\u00e9gteljesen, bizalmasan \u00e9s meghat\u00e1rozott c\u00e9lra haszn\u00e1lja fel. Weboldalunk c\u00edme: http:\/\/www.luque-machines.com. Szem\u00e9lyes adatok A [&hellip;]<\/p>\n","protected":false},"author":1,"featured_media":0,"parent":0,"menu_order":8,"comment_status":"closed","ping_status":"closed","template":"","meta":{"footnotes":""},"class_list":["post-15712","page","type-page","status-publish","hentry"],"yoast_head":"<!-- This site is optimized with the Yoast SEO plugin v28.4 - https:\/\/yoast.com\/product\/yoast-seo-wordpress\/ -->\n<title>Adatv\u00e9delmi ir\u00e1nyelvek - Fraiseuses CNC - LUQUE Machines<\/title>\n<meta name=\"description\" content=\"Adatv\u00e9delmi ir\u00e1nyelvek: Fraiseuses CNC wood, metal, plastic, mold. 3-axis \/ 4-axis \/ 5-axis CNC milling machine - CNC router - bi-spindle - custom made\" \/>\n<meta name=\"robots\" content=\"noindex, follow\" \/>\n<meta property=\"og:locale\" content=\"hu_HU\" \/>\n<meta property=\"og:type\" content=\"article\" \/>\n<meta property=\"og:title\" content=\"Adatv\u00e9delmi ir\u00e1nyelvek - Fraiseuses CNC - LUQUE Machines\" \/>\n<meta property=\"og:description\" content=\"Adatv\u00e9delmi ir\u00e1nyelvek: Fraiseuses CNC wood, metal, plastic, mold. 3-axis \/ 4-axis \/ 5-axis CNC milling machine - CNC router - bi-spindle - custom made\" \/>\n<meta property=\"og:url\" content=\"https:\/\/www.luque-machines.com\/hu\/adatvedelmi-iranyelvek\/\" \/>\n<meta property=\"og:site_name\" content=\"LUQUE Machines\" \/>\n<meta property=\"article:modified_time\" content=\"2026-09-02T21:19:23+00:00\" \/>\n<meta name=\"twitter:card\" content=\"summary_large_image\" \/>\n<meta name=\"twitter:label1\" content=\"Becs\u00fclt olvas\u00e1si id\u0151\" \/>\n\t<meta name=\"twitter:data1\" content=\"6 perc\" \/>\n<script type=\"application\/ld+json\" class=\"yoast-schema-graph\">{\"@context\":\"https:\\\/\\\/schema.org\",\"@graph\":[{\"@type\":\"WebPage\",\"@id\":\"https:\\\/\\\/www.luque-machines.com\\\/hu\\\/adatvedelmi-iranyelvek\\\/\",\"url\":\"https:\\\/\\\/www.luque-machines.com\\\/hu\\\/adatvedelmi-iranyelvek\\\/\",\"name\":\"Adatv\u00e9delmi ir\u00e1nyelvek - Fraiseuses CNC - LUQUE Machines\",\"isPartOf\":{\"@id\":\"https:\\\/\\\/www.luque-machines.com\\\/hu\\\/#website\"},\"datePublished\":\"2020-06-15T13:18:56+00:00\",\"dateModified\":\"2026-09-02T21:19:23+00:00\",\"description\":\"Adatv\u00e9delmi ir\u00e1nyelvek: Fraiseuses CNC wood, metal, plastic, mold. 3-axis \\\/ 4-axis \\\/ 5-axis CNC milling machine - CNC router - bi-spindle - custom made\",\"breadcrumb\":{\"@id\":\"https:\\\/\\\/www.luque-machines.com\\\/hu\\\/adatvedelmi-iranyelvek\\\/#breadcrumb\"},\"inLanguage\":\"hu\",\"potentialAction\":[{\"@type\":\"ReadAction\",\"target\":[\"https:\\\/\\\/www.luque-machines.com\\\/hu\\\/adatvedelmi-iranyelvek\\\/\"]}]},{\"@type\":\"BreadcrumbList\",\"@id\":\"https:\\\/\\\/www.luque-machines.com\\\/hu\\\/adatvedelmi-iranyelvek\\\/#breadcrumb\",\"itemListElement\":[{\"@type\":\"ListItem\",\"position\":1,\"name\":\"Home page\",\"item\":\"https:\\\/\\\/www.luque-machines.com\\\/hu\\\/\"},{\"@type\":\"ListItem\",\"position\":2,\"name\":\"Adatv\u00e9delmi ir\u00e1nyelvek\"}]},{\"@type\":\"WebSite\",\"@id\":\"https:\\\/\\\/www.luque-machines.com\\\/hu\\\/#website\",\"url\":\"https:\\\/\\\/www.luque-machines.com\\\/hu\\\/\",\"name\":\"LUQUE Machines\",\"description\":\"Fraiseuses CNC\",\"publisher\":{\"@id\":\"https:\\\/\\\/www.luque-machines.com\\\/hu\\\/#organization\"},\"potentialAction\":[{\"@type\":\"SearchAction\",\"target\":{\"@type\":\"EntryPoint\",\"urlTemplate\":\"https:\\\/\\\/www.luque-machines.com\\\/hu\\\/?s={search_term_string}\"},\"query-input\":{\"@type\":\"PropertyValueSpecification\",\"valueRequired\":true,\"valueName\":\"search_term_string\"}}],\"inLanguage\":\"hu\"},{\"@type\":\"Organization\",\"@id\":\"https:\\\/\\\/www.luque-machines.com\\\/hu\\\/#organization\",\"name\":\"LUQUE Machines\",\"url\":\"https:\\\/\\\/www.luque-machines.com\\\/hu\\\/\",\"logo\":{\"@type\":\"ImageObject\",\"inLanguage\":\"hu\",\"@id\":\"https:\\\/\\\/www.luque-machines.com\\\/hu\\\/#\\\/schema\\\/logo\\\/image\\\/\",\"url\":\"\",\"contentUrl\":\"\",\"caption\":\"LUQUE Machines\"},\"image\":{\"@id\":\"https:\\\/\\\/www.luque-machines.com\\\/hu\\\/#\\\/schema\\\/logo\\\/image\\\/\"},\"sameAs\":[\"https:\\\/\\\/www.linkedin.com\\\/company\\\/luque-machines\\\/\"]}]}<\/script>\n<!-- \/ Yoast SEO plugin. -->","yoast_head_json":{"title":"Adatv\u00e9delmi ir\u00e1nyelvek - Fraiseuses CNC - LUQUE Machines","description":"Adatv\u00e9delmi ir\u00e1nyelvek: Fraiseuses CNC wood, metal, plastic, mold. 3-axis \/ 4-axis \/ 5-axis CNC milling machine - CNC router - bi-spindle - custom made","robots":{"index":"noindex","follow":"follow"},"og_locale":"hu_HU","og_type":"article","og_title":"Adatv\u00e9delmi ir\u00e1nyelvek - Fraiseuses CNC - LUQUE Machines","og_description":"Adatv\u00e9delmi ir\u00e1nyelvek: Fraiseuses CNC wood, metal, plastic, mold. 3-axis \/ 4-axis \/ 5-axis CNC milling machine - CNC router - bi-spindle - custom made","og_url":"https:\/\/www.luque-machines.com\/hu\/adatvedelmi-iranyelvek\/","og_site_name":"LUQUE Machines","article_modified_time":"2026-09-02T21:19:23+00:00","twitter_card":"summary_large_image","twitter_misc":{"Becs\u00fclt olvas\u00e1si id\u0151":"6 perc"},"schema":{"@context":"https:\/\/schema.org","@graph":[{"@type":"WebPage","@id":"https:\/\/www.luque-machines.com\/hu\/adatvedelmi-iranyelvek\/","url":"https:\/\/www.luque-machines.com\/hu\/adatvedelmi-iranyelvek\/","name":"Adatv\u00e9delmi ir\u00e1nyelvek - Fraiseuses CNC - LUQUE Machines","isPartOf":{"@id":"https:\/\/www.luque-machines.com\/hu\/#website"},"datePublished":"2020-06-15T13:18:56+00:00","dateModified":"2026-09-02T21:19:23+00:00","description":"Adatv\u00e9delmi ir\u00e1nyelvek: Fraiseuses CNC wood, metal, plastic, mold. 3-axis \/ 4-axis \/ 5-axis CNC milling machine - CNC router - bi-spindle - custom made","breadcrumb":{"@id":"https:\/\/www.luque-machines.com\/hu\/adatvedelmi-iranyelvek\/#breadcrumb"},"inLanguage":"hu","potentialAction":[{"@type":"ReadAction","target":["https:\/\/www.luque-machines.com\/hu\/adatvedelmi-iranyelvek\/"]}]},{"@type":"BreadcrumbList","@id":"https:\/\/www.luque-machines.com\/hu\/adatvedelmi-iranyelvek\/#breadcrumb","itemListElement":[{"@type":"ListItem","position":1,"name":"Home page","item":"https:\/\/www.luque-machines.com\/hu\/"},{"@type":"ListItem","position":2,"name":"Adatv\u00e9delmi ir\u00e1nyelvek"}]},{"@type":"WebSite","@id":"https:\/\/www.luque-machines.com\/hu\/#website","url":"https:\/\/www.luque-machines.com\/hu\/","name":"LUQUE Machines","description":"Fraiseuses CNC","publisher":{"@id":"https:\/\/www.luque-machines.com\/hu\/#organization"},"potentialAction":[{"@type":"SearchAction","target":{"@type":"EntryPoint","urlTemplate":"https:\/\/www.luque-machines.com\/hu\/?s={search_term_string}"},"query-input":{"@type":"PropertyValueSpecification","valueRequired":true,"valueName":"search_term_string"}}],"inLanguage":"hu"},{"@type":"Organization","@id":"https:\/\/www.luque-machines.com\/hu\/#organization","name":"LUQUE Machines","url":"https:\/\/www.luque-machines.com\/hu\/","logo":{"@type":"ImageObject","inLanguage":"hu","@id":"https:\/\/www.luque-machines.com\/hu\/#\/schema\/logo\/image\/","url":"","contentUrl":"","caption":"LUQUE Machines"},"image":{"@id":"https:\/\/www.luque-machines.com\/hu\/#\/schema\/logo\/image\/"},"sameAs":["https:\/\/www.linkedin.com\/company\/luque-machines\/"]}]}},"_links":{"self":[{"href":"https:\/\/www.luque-machines.com\/hu\/wp-json\/wp\/v2\/pages\/15712","targetHints":{"allow":["GET"]}}],"collection":[{"href":"https:\/\/www.luque-machines.com\/hu\/wp-json\/wp\/v2\/pages"}],"about":[{"href":"https:\/\/www.luque-machines.com\/hu\/wp-json\/wp\/v2\/types\/page"}],"author":[{"embeddable":true,"href":"https:\/\/www.luque-machines.com\/hu\/wp-json\/wp\/v2\/users\/1"}],"replies":[{"embeddable":true,"href":"https:\/\/www.luque-machines.com\/hu\/wp-json\/wp\/v2\/comments?post=15712"}],"version-history":[{"count":1,"href":"https:\/\/www.luque-machines.com\/hu\/wp-json\/wp\/v2\/pages\/15712\/revisions"}],"predecessor-version":[{"id":15713,"href":"https:\/\/www.luque-machines.com\/hu\/wp-json\/wp\/v2\/pages\/15712\/revisions\/15713"}],"wp:attachment":[{"href":"https:\/\/www.luque-machines.com\/hu\/wp-json\/wp\/v2\/media?parent=15712"}],"curies":[{"name":"wp","href":"https:\/\/api.w.org\/{rel}","templated":true}]}}